{"id":180,"date":"2025-09-02T12:55:48","date_gmt":"2025-09-02T12:55:48","guid":{"rendered":"https:\/\/supplychainmagazine.fr\/boutique\/?page_id=180"},"modified":"2025-09-02T12:57:31","modified_gmt":"2025-09-02T12:57:31","slug":"mentions-legales","status":"publish","type":"page","link":"https:\/\/supplychainmagazine.fr\/boutique\/mentions-legales\/","title":{"rendered":"Mentions l\u00e9gales"},"content":{"rendered":"\t\t<div data-elementor-type=\"wp-page\" data-elementor-id=\"180\" class=\"elementor elementor-180\" data-elementor-post-type=\"page\">\n\t\t\t\t<div class=\"elementor-element elementor-element-c0165df e-flex e-con-boxed e-con e-parent\" data-id=\"c0165df\" data-element_type=\"container\" data-e-type=\"container\">\n\t\t\t\t\t<div class=\"e-con-inner\">\n\t\t\t\t<div class=\"elementor-element elementor-element-083f4a1 elementor-widget elementor-widget-text-editor\" data-id=\"083f4a1\" data-element_type=\"widget\" data-e-type=\"widget\" data-widget_type=\"text-editor.default\">\n\t\t\t\t\t\t\t\t\t<p>Supply Chain Magazine est \u00e9dit\u00e9 par ALALOOP MEDIA, Soci\u00e9t\u00e9 par actions simplifi\u00e9e (SAS) au capital de 4 150 euros<br>Num\u00e9ro de commission paritaire des publications et agence de presse (CPPAP) : 1024 T 93513.<\/p>\n<h2>Si\u00e8ge social<\/h2>\n<p>85 rue de Maubeuge, 75010 Paris &#8211; FRANCE<br>934 067 356 R.C.S. Bobigny<\/p>\n<p><strong>Directeur de la publication<\/strong>&nbsp;: Fabrice Auclert<\/p>\n<p><strong>Web<\/strong>&nbsp;:&nbsp;<a href=\"https:\/\/www.supplychainmagazine.fr\/\" rel=\"nofollow\">www.supplychainmagazine.fr<\/a><br><strong>Courriel<\/strong>&nbsp;:&nbsp;<a href=\"mailto:direction@alaloopmedia.fr\">direction@alaloopmedia.fr<\/a><\/p>\n<h2>H\u00e9bergement du site<\/h2>\n<p><a href=\"https:\/\/www.sdv.fr\/\" target=\"_blank\" rel=\"nofollow noopener\">SdV<\/a><\/p>\n<p>15, rue de la nu\u00e9e bleue<br>67000 Strasbourg<\/p>\n<p>T\u00e9l : 03 88 75 80 50<\/p>\n<h2>D\u00e9veloppement<\/h2>\n<p>Les informations recueillies par formulaires sont destin\u00e9es \u00e0 nos services. Elles peuvent \u00eatre utilis\u00e9es par d\u2019autres soci\u00e9t\u00e9s ou filiales de ALALOOP MEDIA.<br>Conform\u00e9ment \u00e0 la loi Informatique et Libert\u00e9s du 6 janvier 1978, vous disposez d\u2019un droit d\u2019acc\u00e8s et de rectification aux informations vous concernant aupr\u00e8s du service clients ALALOOP MEDIA (85 rue de Maubeuge, 75010 Paris &#8211; FRANCE).<br>Si vous ne souhaitez pas que ces informations soient communiqu\u00e9es, envoyez-nous un courrier \u00e9lectronique :&nbsp;<a href=\"mailto:abonnements-scm@alaloopmedia.fr\">abonnements-scm@alaloopmedia.fr<\/a><\/p>\n<h2>Proc\u00e9dure de signalement<\/h2>\n<p>Vous avez la possibilit\u00e9 de notifier la pr\u00e9sence de tout contenu que vous estimez illicite dans les espaces de contribution du site \u00e0 l&rsquo;adresse :&nbsp;<a href=\"mailto:jl.rognon@supplychainmagazine.fr\">jl.rognon@supplychainmagazine.fr<\/a><\/p>\n<h2>Cookies<\/h2>\n<p>Le site que vous visitez utilise des traceurs (cookies). Ainsi, le site est susceptible d\u2019acc\u00e9der \u00e0 des informations d\u00e9j\u00e0 stock\u00e9es dans votre \u00e9quipement terminal de communications \u00e9lectroniques et d\u2019y inscrire des informations. Le site utilise exclusivement des traceurs dits \u00ab strictement n\u00e9cessaires \u00bb, qui ne n\u00e9cessitent pas votre consentement pr\u00e9alable. Nous utilisons ces traceurs pour permettre et faciliter la navigation sur le site notamment en m\u00e9morisant vos pr\u00e9f\u00e9rences de navigation d\u00e9finis au cours de votre session et vous fournir les services que vous demandez express\u00e9ment, et r\u00e9aliser des statistiques anonymes de visites. Ces traceurs ne peuvent pas, techniquement, \u00eatre d\u00e9sactiv\u00e9s depuis le site. Vous pouvez n\u00e9anmoins vous opposer \u00e0 l\u2019utilisation de ces traceurs, exclusivement en param\u00e9trant votre navigateur. Ce param\u00e9trage d\u00e9pend du navigateur que vous utilisez, mais il est en g\u00e9n\u00e9ral simple \u00e0 r\u00e9aliser : en principe, vous pouvez soit activer une fonction de navigation priv\u00e9e soit uniquement interdire ou restreindre les traceurs (cookies). Attention, il se peut que des traceurs aient \u00e9t\u00e9 enregistr\u00e9s sur votre p\u00e9riph\u00e9rique avant le param\u00e9trage de votre navigateur : dans ce cas, effacez votre historique de navigation, toujours en utilisant le param\u00e9trage de votre navigateur. L\u2019utilisation des traceurs est r\u00e9gie par l\u2019article 32 II de la loi n\u00b0 78-17 du 6 janvier 1978, transposant l\u2019article 5.3 de la directive 2002\/58\/CE du parlement europ\u00e9en et du conseil du 12 juillet 2002 modifi\u00e9e par la directive 2009\/136\/CE. Pour en savoir plus sur les cookies et traceurs, nous vous invitons \u00e0 consulter le site de la CNIL : www.cnil.fr.<\/p>\t\t\t\t\t\t\t\t<\/div>\n\t\t\t\t\t<\/div>\n\t\t\t\t<\/div>\n\t\t\t\t<\/div>\n\t\t","protected":false},"excerpt":{"rendered":"<p>Supply Chain Magazine est \u00e9dit\u00e9 par ALALOOP MEDIA, Soci\u00e9t\u00e9 par actions simplifi\u00e9e (SAS) au capital de 4 150 eurosNum\u00e9ro de commission paritaire des publications et agence de presse (CPPAP) : 1024 T 93513. Si\u00e8ge social 85 rue de Maubeuge, 75010 Paris &#8211; FRANCE934 067 356 R.C.S. Bobigny Directeur de la publication&nbsp;: Fabrice Auclert Web&nbsp;:&nbsp;www.supplychainmagazine.frCourriel&nbsp;:&nbsp;direction@alaloopmedia.fr H\u00e9bergement [&hellip;]<\/p>\n","protected":false},"author":2,"featured_media":0,"parent":0,"menu_order":0,"comment_status":"closed","ping_status":"closed","template":"","meta":{"footnotes":""},"class_list":["post-180","page","type-page","status-publish","hentry"],"yoast_head":"<!-- This site is optimized with the Yoast SEO plugin v27.4 - https:\/\/yoast.com\/product\/yoast-seo-wordpress\/ -->\n<title>Mentions l\u00e9gales - Boutique Supply Chain Mag<\/title>\n<meta name=\"robots\" content=\"index, follow, max-snippet:-1, max-image-preview:large, max-video-preview:-1\" \/>\n<link rel=\"canonical\" href=\"https:\/\/supplychainmagazine.fr\/boutique\/mentions-legales\/\" \/>\n<meta property=\"og:locale\" content=\"fr_FR\" \/>\n<meta property=\"og:type\" content=\"article\" \/>\n<meta property=\"og:title\" content=\"Mentions l\u00e9gales - Boutique Supply Chain Mag\" \/>\n<meta property=\"og:description\" content=\"Supply Chain Magazine est \u00e9dit\u00e9 par ALALOOP MEDIA, Soci\u00e9t\u00e9 par actions simplifi\u00e9e (SAS) au capital de 4 150 eurosNum\u00e9ro de commission paritaire des publications et agence de presse (CPPAP) : 1024 T 93513. Si\u00e8ge social 85 rue de Maubeuge, 75010 Paris &#8211; FRANCE934 067 356 R.C.S. Bobigny Directeur de la publication&nbsp;: Fabrice Auclert Web&nbsp;:&nbsp;www.supplychainmagazine.frCourriel&nbsp;:&nbsp;direction@alaloopmedia.fr H\u00e9bergement [&hellip;]\" \/>\n<meta property=\"og:url\" content=\"https:\/\/supplychainmagazine.fr\/boutique\/mentions-legales\/\" \/>\n<meta property=\"og:site_name\" content=\"Boutique Supply Chain Mag\" \/>\n<meta property=\"article:modified_time\" content=\"2025-09-02T12:57:31+00:00\" \/>\n<meta name=\"twitter:card\" content=\"summary_large_image\" \/>\n<meta name=\"twitter:label1\" content=\"Dur\u00e9e de lecture estim\u00e9e\" \/>\n\t<meta name=\"twitter:data1\" content=\"3 minutes\" \/>\n<script type=\"application\/ld+json\" class=\"yoast-schema-graph\">{\"@context\":\"https:\\\/\\\/schema.org\",\"@graph\":[{\"@type\":\"WebPage\",\"@id\":\"https:\\\/\\\/supplychainmagazine.fr\\\/boutique\\\/mentions-legales\\\/\",\"url\":\"https:\\\/\\\/supplychainmagazine.fr\\\/boutique\\\/mentions-legales\\\/\",\"name\":\"Mentions l\u00e9gales - Boutique Supply Chain Mag\",\"isPartOf\":{\"@id\":\"https:\\\/\\\/supplychainmagazine.fr\\\/boutique\\\/#website\"},\"datePublished\":\"2025-09-02T12:55:48+00:00\",\"dateModified\":\"2025-09-02T12:57:31+00:00\",\"breadcrumb\":{\"@id\":\"https:\\\/\\\/supplychainmagazine.fr\\\/boutique\\\/mentions-legales\\\/#breadcrumb\"},\"inLanguage\":\"fr-FR\",\"potentialAction\":[{\"@type\":\"ReadAction\",\"target\":[\"https:\\\/\\\/supplychainmagazine.fr\\\/boutique\\\/mentions-legales\\\/\"]}]},{\"@type\":\"BreadcrumbList\",\"@id\":\"https:\\\/\\\/supplychainmagazine.fr\\\/boutique\\\/mentions-legales\\\/#breadcrumb\",\"itemListElement\":[{\"@type\":\"ListItem\",\"position\":1,\"name\":\"Accueil\",\"item\":\"https:\\\/\\\/supplychainmagazine.fr\\\/boutique\\\/\"},{\"@type\":\"ListItem\",\"position\":2,\"name\":\"Mentions l\u00e9gales\"}]},{\"@type\":\"WebSite\",\"@id\":\"https:\\\/\\\/supplychainmagazine.fr\\\/boutique\\\/#website\",\"url\":\"https:\\\/\\\/supplychainmagazine.fr\\\/boutique\\\/\",\"name\":\"Boutique Supply Chain Mag\",\"description\":\"Le magazine des d\u00e9cideurs de la Supply Chain\",\"publisher\":{\"@id\":\"https:\\\/\\\/supplychainmagazine.fr\\\/boutique\\\/#organization\"},\"potentialAction\":[{\"@type\":\"SearchAction\",\"target\":{\"@type\":\"EntryPoint\",\"urlTemplate\":\"https:\\\/\\\/supplychainmagazine.fr\\\/boutique\\\/?s={search_term_string}\"},\"query-input\":{\"@type\":\"PropertyValueSpecification\",\"valueRequired\":true,\"valueName\":\"search_term_string\"}}],\"inLanguage\":\"fr-FR\"},{\"@type\":\"Organization\",\"@id\":\"https:\\\/\\\/supplychainmagazine.fr\\\/boutique\\\/#organization\",\"name\":\"Boutique Supply Chain Mag\",\"url\":\"https:\\\/\\\/supplychainmagazine.fr\\\/boutique\\\/\",\"logo\":{\"@type\":\"ImageObject\",\"inLanguage\":\"fr-FR\",\"@id\":\"https:\\\/\\\/supplychainmagazine.fr\\\/boutique\\\/#\\\/schema\\\/logo\\\/image\\\/\",\"url\":\"https:\\\/\\\/supplychainmagazine.fr\\\/boutique\\\/wp-content\\\/uploads\\\/2025\\\/09\\\/logo.png\",\"contentUrl\":\"https:\\\/\\\/supplychainmagazine.fr\\\/boutique\\\/wp-content\\\/uploads\\\/2025\\\/09\\\/logo.png\",\"width\":418,\"height\":100,\"caption\":\"Boutique Supply Chain Mag\"},\"image\":{\"@id\":\"https:\\\/\\\/supplychainmagazine.fr\\\/boutique\\\/#\\\/schema\\\/logo\\\/image\\\/\"}}]}<\/script>\n<!-- \/ Yoast SEO plugin. -->","yoast_head_json":{"title":"Mentions l\u00e9gales - Boutique Supply Chain Mag","robots":{"index":"index","follow":"follow","max-snippet":"max-snippet:-1","max-image-preview":"max-image-preview:large","max-video-preview":"max-video-preview:-1"},"canonical":"https:\/\/supplychainmagazine.fr\/boutique\/mentions-legales\/","og_locale":"fr_FR","og_type":"article","og_title":"Mentions l\u00e9gales - Boutique Supply Chain Mag","og_description":"Supply Chain Magazine est \u00e9dit\u00e9 par ALALOOP MEDIA, Soci\u00e9t\u00e9 par actions simplifi\u00e9e (SAS) au capital de 4 150 eurosNum\u00e9ro de commission paritaire des publications et agence de presse (CPPAP) : 1024 T 93513. Si\u00e8ge social 85 rue de Maubeuge, 75010 Paris &#8211; FRANCE934 067 356 R.C.S. Bobigny Directeur de la publication&nbsp;: Fabrice Auclert Web&nbsp;:&nbsp;www.supplychainmagazine.frCourriel&nbsp;:&nbsp;direction@alaloopmedia.fr H\u00e9bergement [&hellip;]","og_url":"https:\/\/supplychainmagazine.fr\/boutique\/mentions-legales\/","og_site_name":"Boutique Supply Chain Mag","article_modified_time":"2025-09-02T12:57:31+00:00","twitter_card":"summary_large_image","twitter_misc":{"Dur\u00e9e de lecture estim\u00e9e":"3 minutes"},"schema":{"@context":"https:\/\/schema.org","@graph":[{"@type":"WebPage","@id":"https:\/\/supplychainmagazine.fr\/boutique\/mentions-legales\/","url":"https:\/\/supplychainmagazine.fr\/boutique\/mentions-legales\/","name":"Mentions l\u00e9gales - Boutique Supply Chain Mag","isPartOf":{"@id":"https:\/\/supplychainmagazine.fr\/boutique\/#website"},"datePublished":"2025-09-02T12:55:48+00:00","dateModified":"2025-09-02T12:57:31+00:00","breadcrumb":{"@id":"https:\/\/supplychainmagazine.fr\/boutique\/mentions-legales\/#breadcrumb"},"inLanguage":"fr-FR","potentialAction":[{"@type":"ReadAction","target":["https:\/\/supplychainmagazine.fr\/boutique\/mentions-legales\/"]}]},{"@type":"BreadcrumbList","@id":"https:\/\/supplychainmagazine.fr\/boutique\/mentions-legales\/#breadcrumb","itemListElement":[{"@type":"ListItem","position":1,"name":"Accueil","item":"https:\/\/supplychainmagazine.fr\/boutique\/"},{"@type":"ListItem","position":2,"name":"Mentions l\u00e9gales"}]},{"@type":"WebSite","@id":"https:\/\/supplychainmagazine.fr\/boutique\/#website","url":"https:\/\/supplychainmagazine.fr\/boutique\/","name":"Boutique Supply Chain Mag","description":"Le magazine des d\u00e9cideurs de la Supply Chain","publisher":{"@id":"https:\/\/supplychainmagazine.fr\/boutique\/#organization"},"potentialAction":[{"@type":"SearchAction","target":{"@type":"EntryPoint","urlTemplate":"https:\/\/supplychainmagazine.fr\/boutique\/?s={search_term_string}"},"query-input":{"@type":"PropertyValueSpecification","valueRequired":true,"valueName":"search_term_string"}}],"inLanguage":"fr-FR"},{"@type":"Organization","@id":"https:\/\/supplychainmagazine.fr\/boutique\/#organization","name":"Boutique Supply Chain Mag","url":"https:\/\/supplychainmagazine.fr\/boutique\/","logo":{"@type":"ImageObject","inLanguage":"fr-FR","@id":"https:\/\/supplychainmagazine.fr\/boutique\/#\/schema\/logo\/image\/","url":"https:\/\/supplychainmagazine.fr\/boutique\/wp-content\/uploads\/2025\/09\/logo.png","contentUrl":"https:\/\/supplychainmagazine.fr\/boutique\/wp-content\/uploads\/2025\/09\/logo.png","width":418,"height":100,"caption":"Boutique Supply Chain Mag"},"image":{"@id":"https:\/\/supplychainmagazine.fr\/boutique\/#\/schema\/logo\/image\/"}}]}},"_links":{"self":[{"href":"https:\/\/supplychainmagazine.fr\/boutique\/wp-json\/wp\/v2\/pages\/180","targetHints":{"allow":["GET"]}}],"collection":[{"href":"https:\/\/supplychainmagazine.fr\/boutique\/wp-json\/wp\/v2\/pages"}],"about":[{"href":"https:\/\/supplychainmagazine.fr\/boutique\/wp-json\/wp\/v2\/types\/page"}],"author":[{"embeddable":true,"href":"https:\/\/supplychainmagazine.fr\/boutique\/wp-json\/wp\/v2\/users\/2"}],"replies":[{"embeddable":true,"href":"https:\/\/supplychainmagazine.fr\/boutique\/wp-json\/wp\/v2\/comments?post=180"}],"version-history":[{"count":4,"href":"https:\/\/supplychainmagazine.fr\/boutique\/wp-json\/wp\/v2\/pages\/180\/revisions"}],"predecessor-version":[{"id":184,"href":"https:\/\/supplychainmagazine.fr\/boutique\/wp-json\/wp\/v2\/pages\/180\/revisions\/184"}],"wp:attachment":[{"href":"https:\/\/supplychainmagazine.fr\/boutique\/wp-json\/wp\/v2\/media?parent=180"}],"curies":[{"name":"wp","href":"https:\/\/api.w.org\/{rel}","templated":true}]}}